{"id":29539,"date":"2023-12-13T11:18:35","date_gmt":"2023-12-13T11:18:35","guid":{"rendered":"https:\/\/macalloy.com\/?post_type=project&#038;p=29539"},"modified":"2024-07-31T13:39:53","modified_gmt":"2024-07-31T12:39:53","slug":"fondation-louis-vuitton-paris","status":"publish","type":"project","link":"https:\/\/macalloy.com\/es\/project\/fondation-louis-vuitton-paris\/","title":{"rendered":"Fondation Louis Vuitton, Paris"},"content":{"rendered":"\n<p>El museo de arte de la Fondation Louis Vuitton se inaugur\u00f3 en 2014. Est\u00e1 situado en el Bois de Boulogne y cerca del Jardin d\u2019Acclimation en Par\u00eds.<\/p>\n\n\n\n<p>El dise\u00f1ador Frank Gehry se inspir\u00f3 en la arquitectura de cristal y jard\u00edn de finales del siglo XIX para crear un edificio \u00fanico y moderno formado por 12 velas, cada una de ellas \u00fanica en su especie.<\/p>\n\n\n\n<figure class=\"wp-block-image size-full animate animate animate--delay-medium\"><img fetchpriority=\"high\" decoding=\"async\" width=\"1920\" height=\"1280\" src=\"https:\/\/macalloystg.wpengine.com\/wp-content\/uploads\/2021\/10\/W0D89B.jpg\" alt=\"\" class=\"wp-image-3048\" srcset=\"https:\/\/macalloy.com\/wp-content\/uploads\/2021\/10\/W0D89B.jpg 1920w, https:\/\/macalloy.com\/wp-content\/uploads\/2021\/10\/W0D89B-600x400.jpg 600w, https:\/\/macalloy.com\/wp-content\/uploads\/2021\/10\/W0D89B-300x200.jpg 300w, https:\/\/macalloy.com\/wp-content\/uploads\/2021\/10\/W0D89B-1024x683.jpg 1024w, https:\/\/macalloy.com\/wp-content\/uploads\/2021\/10\/W0D89B-768x512.jpg 768w, https:\/\/macalloy.com\/wp-content\/uploads\/2021\/10\/W0D89B-1536x1024.jpg 1536w\" sizes=\"(max-width: 1920px) 100vw, 1920px\" \/><\/figure>\n\n\n\n<div class=\"wp-block-columns is-layout-flex wp-container-core-columns-is-layout-9d6595d7 wp-block-columns-is-layout-flex\">\n<div class=\"wp-block-column is-vertically-aligned-top is-layout-flow wp-block-column-is-layout-flow\">\n<p class=\"animate animate animate--delay-short\">Macalloy suministr\u00f3 barras tensoras de acero inoxidable de diversos tama\u00f1os, con componentes especializados dise\u00f1ados y suministrados por Macalloy. Tambi\u00e9n se utiliz\u00f3 nuestro propio equipo especializado para tensar las barras.<\/p>\n\n\n<div class=\"post__sharing animate animate--up animate--delay-long\"><strong class=\"sharing__title\">Share<\/strong><ul class=\"sharing__list\"><li class=\"sharing__item\"><a class=\"sharing__link sharing__link--facebook js-share\" href=\"https:\/\/www.facebook.com\/sharer\/sharer.php?u=https%3A%2F%2Fmacalloy.com%2Fes%2Fproject%2Ffondation-louis-vuitton-paris%2F\">Facebook <svg xmlns=\"http:\/\/www.w3.org\/2000\/svg\" xmlns:xlink=\"http:\/\/www.w3.org\/1999\/xlink\" width=\"100\" height=\"100\" viewBox=\"0 0 100 100\"><g transform=\"translate(51.909 -29.171) rotate(45)\"><path d=\"M78.4,33.1,78.959,0,45.815,1.351l.3,5.515H68.537L0,75.4l4.54,4.54L73.077,11.405V32.58Z\" transform=\"translate(-0.882 56.319) rotate(-45)\"\/><\/g><\/svg><\/a><\/li><li class=\"sharing__item\"><a class=\"sharing__link sharing__link--twitter js-share\" href=\"https:\/\/twitter.com\/intent\/tweet?url=https%3A%2F%2Fmacalloy.com%2Fes%2Fproject%2Ffondation-louis-vuitton-paris%2F&text=El+museo+de+arte+de+la+Fondation+Louis+Vuitton+se+inaugur%C3%B3+en+2014.+Est%C3%A1+situado+en+el+Bois+de+Boulogne+y+cerca+del+Jardin+d%E2%80%99Acclimation+en+Par%C3%ADs.+El+dise%C3%B1ador+Frank+Gehry+se+inspir%C3%B3+en+la+arquitectura+de+cristal+y+jard%C3%ADn+de+finales+del+siglo+XIX+para+crear+un+edificio+%C3%BAnico+y+moderno+formado+por+12+%5B%26hellip%3B%5D\">Twitter <svg xmlns=\"http:\/\/www.w3.org\/2000\/svg\" xmlns:xlink=\"http:\/\/www.w3.org\/1999\/xlink\" width=\"100\" height=\"100\" viewBox=\"0 0 100 100\"><g transform=\"translate(51.909 -29.171) rotate(45)\"><path d=\"M78.4,33.1,78.959,0,45.815,1.351l.3,5.515H68.537L0,75.4l4.54,4.54L73.077,11.405V32.58Z\" transform=\"translate(-0.882 56.319) rotate(-45)\"\/><\/g><\/svg><\/a><\/li><li class=\"sharing__item\"><a class=\"sharing__link sharing__link--linkedin js-share\" href=\"https:\/\/www.linkedin.com\/shareArticle?mini=true&url=https%3A%2F%2Fmacalloy.com%2Fes%2Fproject%2Ffondation-louis-vuitton-paris%2F&title=LinkedIn&summary=El+museo+de+arte+de+la+Fondation+Louis+Vuitton+se+inaugur%C3%B3+en+2014.+Est%C3%A1+situado+en+el+Bois+de+Boulogne+y+cerca+del+Jardin+d%E2%80%99Acclimation+en+Par%C3%ADs.+El+dise%C3%B1ador+Frank+Gehry+se+inspir%C3%B3+en+la+arquitectura+de+cristal+y+jard%C3%ADn+de+finales+del+siglo+XIX+para+crear+un+edificio+%C3%BAnico+y+moderno+formado+por+12+%5B%26hellip%3B%5D&source=LinkedIn\">LinkedIn <svg xmlns=\"http:\/\/www.w3.org\/2000\/svg\" xmlns:xlink=\"http:\/\/www.w3.org\/1999\/xlink\" width=\"100\" height=\"100\" viewBox=\"0 0 100 100\"><g transform=\"translate(51.909 -29.171) rotate(45)\"><path d=\"M78.4,33.1,78.959,0,45.815,1.351l.3,5.515H68.537L0,75.4l4.54,4.54L73.077,11.405V32.58Z\" transform=\"translate(-0.882 56.319) rotate(-45)\"\/><\/g><\/svg><\/a><\/li><\/ul><\/div>\n<\/div>\n\n\n\n<div class=\"wp-block-column is-layout-flow wp-block-column-is-layout-flow\">\n<figure class=\"wp-block-image size-large animate animate animate--delay-medium\"><img decoding=\"async\" width=\"789\" height=\"1024\" src=\"https:\/\/macalloystg.wpengine.com\/wp-content\/uploads\/2021\/10\/RJJG98-789x1024.jpg\" alt=\"\" class=\"wp-image-3051\" srcset=\"https:\/\/macalloy.com\/wp-content\/uploads\/2021\/10\/RJJG98-789x1024.jpg 789w, https:\/\/macalloy.com\/wp-content\/uploads\/2021\/10\/RJJG98-600x778.jpg 600w, https:\/\/macalloy.com\/wp-content\/uploads\/2021\/10\/RJJG98-231x300.jpg 231w, https:\/\/macalloy.com\/wp-content\/uploads\/2021\/10\/RJJG98-768x996.jpg 768w, https:\/\/macalloy.com\/wp-content\/uploads\/2021\/10\/RJJG98-1184x1536.jpg 1184w, https:\/\/macalloy.com\/wp-content\/uploads\/2021\/10\/RJJG98.jpg 1480w\" sizes=\"(max-width: 789px) 100vw, 789px\" \/><\/figure>\n<\/div>\n<\/div>\n\n\n\n<div class=\"wp-block-cover alignfull mb-0\"><span aria-hidden=\"true\" class=\"wp-block-cover__background has-primary-900-background-color has-background-dim-100 has-background-dim\"><\/span><div class=\"wp-block-cover__inner-container is-layout-flow wp-block-cover-is-layout-flow\">\n<div style=\"height:86px\" aria-hidden=\"true\" class=\"wp-block-spacer\"><\/div>\n\n\n\n<div class=\"wp-block-columns are-vertically-aligned-center is-layout-flex wp-container-core-columns-is-layout-9d6595d7 wp-block-columns-is-layout-flex\">\n<div class=\"wp-block-column is-vertically-aligned-center animate is-layout-flow wp-block-column-is-layout-flow\" style=\"flex-basis:66.66%\">\n<figure class=\"wp-block-image size-large animate animate--up animate--delay-short\"><img decoding=\"async\" width=\"1024\" height=\"683\" src=\"https:\/\/macalloystg.wpengine.com\/wp-content\/uploads\/2021\/10\/W348KJ-1024x683.jpg\" alt=\"\" class=\"wp-image-3054\" srcset=\"https:\/\/macalloy.com\/wp-content\/uploads\/2021\/10\/W348KJ-1024x683.jpg 1024w, https:\/\/macalloy.com\/wp-content\/uploads\/2021\/10\/W348KJ-600x400.jpg 600w, https:\/\/macalloy.com\/wp-content\/uploads\/2021\/10\/W348KJ-300x200.jpg 300w, https:\/\/macalloy.com\/wp-content\/uploads\/2021\/10\/W348KJ-768x512.jpg 768w, https:\/\/macalloy.com\/wp-content\/uploads\/2021\/10\/W348KJ-1536x1024.jpg 1536w, https:\/\/macalloy.com\/wp-content\/uploads\/2021\/10\/W348KJ.jpg 1920w\" sizes=\"(max-width: 1024px) 100vw, 1024px\" \/><\/figure>\n<\/div>\n\n\n\n<div class=\"wp-block-column is-vertically-aligned-center animate animate--delay-long is-layout-flow wp-block-column-is-layout-flow\" style=\"flex-basis:33.33%\">\n<p class=\"mb-0\">A\u00f1o<\/p>\n\n\n\n<h5 class=\"wp-block-heading mt-0\">2014<\/h5>\n\n\n\n<p class=\"mb-0\">Ubicaci\u00f3n<\/p>\n\n\n\n<h5 class=\"wp-block-heading mt-0\">Paris<\/h5>\n\n\n\n<p class=\"mb-0\">Pa\u00eds<\/p>\n\n\n\n<h5 class=\"wp-block-heading mt-0\">France<\/h5>\n\n\n\n<p class=\"mb-0\">Arquitecto<\/p>\n\n\n\n<h5 class=\"wp-block-heading mt-0\">Frank Gehry<\/h5>\n<\/div>\n<\/div>\n<\/div><\/div>\n\n\n\n<div class=\"wp-block-cover alignfull is-light mt-0 mb-0\" style=\"min-height:600px;aspect-ratio:unset;\"><span aria-hidden=\"true\" class=\"wp-block-cover__background has-background-dim\"><\/span><img loading=\"lazy\" decoding=\"async\" width=\"2240\" height=\"1099\" class=\"wp-block-cover__image-background wp-image-1833\" alt=\"\" src=\"https:\/\/macalloystg.wpengine.com\/wp-content\/uploads\/2021\/08\/thomas-serer-r-xKieMqL34-unsplash.jpg\" data-object-fit=\"cover\" srcset=\"https:\/\/macalloy.com\/wp-content\/uploads\/2021\/08\/thomas-serer-r-xKieMqL34-unsplash.jpg 2240w, https:\/\/macalloy.com\/wp-content\/uploads\/2021\/08\/thomas-serer-r-xKieMqL34-unsplash-600x294.jpg 600w, https:\/\/macalloy.com\/wp-content\/uploads\/2021\/08\/thomas-serer-r-xKieMqL34-unsplash-300x147.jpg 300w, https:\/\/macalloy.com\/wp-content\/uploads\/2021\/08\/thomas-serer-r-xKieMqL34-unsplash-1024x502.jpg 1024w, https:\/\/macalloy.com\/wp-content\/uploads\/2021\/08\/thomas-serer-r-xKieMqL34-unsplash-768x377.jpg 768w, https:\/\/macalloy.com\/wp-content\/uploads\/2021\/08\/thomas-serer-r-xKieMqL34-unsplash-1536x754.jpg 1536w, https:\/\/macalloy.com\/wp-content\/uploads\/2021\/08\/thomas-serer-r-xKieMqL34-unsplash-2048x1005.jpg 2048w\" sizes=\"(max-width: 2240px) 100vw, 2240px\" \/><div class=\"wp-block-cover__inner-container is-layout-flow wp-block-cover-is-layout-flow\">\n<p class=\"has-text-align-center has-neutral-0-color has-text-color has-large-font-size\">\u00bfBusca un proyecto concreto? Pruebe nuestro&#8230;<\/p>\n\n\n\n<h2 class=\"wp-block-heading has-text-align-center has-neutral-0-color has-text-color\">Centro de referencia<\/h2>\n\n\n\n<div class=\"wp-block-buttons is-horizontal is-content-justification-center is-layout-flex wp-container-core-buttons-is-layout-499968f5 wp-block-buttons-is-layout-flex\">\n<div class=\"wp-block-button is-style-underline\"><a class=\"wp-block-button__link has-neutral-0-color has-text-color wp-element-button\" href=\"\/projects\/reference-hub\/\">EXPLORA<\/a><\/div>\n<\/div>\n<\/div><\/div>\n","protected":false},"excerpt":{"rendered":"<p>El museo de arte de la Fondation Louis Vuitton se inaugur\u00f3 en 2014. Est\u00e1 situado en el Bois de Boulogne y cerca del Jardin d\u2019Acclimation en Par\u00eds. El dise\u00f1ador Frank Gehry se inspir\u00f3 en la arquitectura de cristal y jard\u00edn de finales del siglo XIX para crear un edificio \u00fanico y moderno formado por 12 [&hellip;]<\/p>\n","protected":false},"featured_media":29540,"menu_order":0,"template":"","meta":[],"project-location":[444],"project-service":[457],"project-industry":[465],"class_list":["has-featured-image","hentry","project"],"featured_image":{"1536x1536":"https:\/\/macalloy.com\/wp-content\/uploads\/2021\/10\/louis-colbee-N_2OP0Ul7us-unsplash-1536x1024.jpg","2048x2048":"https:\/\/macalloy.com\/wp-content\/uploads\/2021\/10\/louis-colbee-N_2OP0Ul7us-unsplash.jpg","wide":"https:\/\/macalloy.com\/wp-content\/uploads\/2021\/10\/louis-colbee-N_2OP0Ul7us-unsplash-1920x800.jpg","square":"https:\/\/macalloy.com\/wp-content\/uploads\/2021\/10\/louis-colbee-N_2OP0Ul7us-unsplash-600x600.jpg","rectangle":"https:\/\/macalloy.com\/wp-content\/uploads\/2021\/10\/louis-colbee-N_2OP0Ul7us-unsplash-1000x680.jpg","post":"https:\/\/macalloy.com\/wp-content\/uploads\/2021\/10\/louis-colbee-N_2OP0Ul7us-unsplash-1200x600.jpg","portrait":"https:\/\/macalloy.com\/wp-content\/uploads\/2021\/10\/louis-colbee-N_2OP0Ul7us-unsplash-600x700.jpg","woocommerce_thumbnail":"https:\/\/macalloy.com\/wp-content\/uploads\/2021\/10\/louis-colbee-N_2OP0Ul7us-unsplash-300x300.jpg","woocommerce_single":"https:\/\/macalloy.com\/wp-content\/uploads\/2021\/10\/louis-colbee-N_2OP0Ul7us-unsplash-600x400.jpg","woocommerce_gallery_thumbnail":"https:\/\/macalloy.com\/wp-content\/uploads\/2021\/10\/louis-colbee-N_2OP0Ul7us-unsplash-100x100.jpg"},"locations":[{"ID":444,"name":"Europa"}],"industries":[{"ID":465,"name":"Otros"}],"services":[{"ID":457,"name":"Barras de tensi\u00f3n"}],"yoast_head":"<!-- This site is optimized with the Yoast SEO plugin v27.5 - https:\/\/yoast.com\/product\/yoast-seo-wordpress\/ -->\n<title>Fondation Louis Vuitton, Paris | barras tensoras de acero inoxidable<\/title>\n<meta name=\"description\" content=\"El museo de arte de la Fondation Louis Vuitton se inaugur\u00f3 en 2014. Est\u00e1 situado en el Bois de Boulogne y cerca del Jardin d\u2019Acclimation en Par\u00eds.El dise\u00f1ador Frank Gehry se inspir\u00f3 en la arquitectura de cristal y jard\u00edn de finales del siglo XIX para crear un edificio \u00fanico y moderno formado por 12 velas, cada una de ellas \u00fanica en su especie.\" \/>\n<meta name=\"robots\" content=\"index, follow, max-snippet:-1, max-image-preview:large, max-video-preview:-1\" \/>\n<link rel=\"canonical\" href=\"https:\/\/macalloy.com\/es\/project\/fondation-louis-vuitton-paris\/\" \/>\n<meta property=\"og:locale\" content=\"es_ES\" \/>\n<meta property=\"og:type\" content=\"article\" \/>\n<meta property=\"og:title\" content=\"Fondation Louis Vuitton, Paris | barras tensoras de acero inoxidable\" \/>\n<meta property=\"og:description\" content=\"El museo de arte de la Fondation Louis Vuitton se inaugur\u00f3 en 2014. Est\u00e1 situado en el Bois de Boulogne y cerca del Jardin d\u2019Acclimation en Par\u00eds.El dise\u00f1ador Frank Gehry se inspir\u00f3 en la arquitectura de cristal y jard\u00edn de finales del siglo XIX para crear un edificio \u00fanico y moderno formado por 12 velas, cada una de ellas \u00fanica en su especie.\" \/>\n<meta property=\"og:url\" content=\"https:\/\/macalloy.com\/es\/project\/fondation-louis-vuitton-paris\/\" \/>\n<meta property=\"og:site_name\" content=\"Macalloy\" \/>\n<meta property=\"article:modified_time\" content=\"2024-07-31T12:39:53+00:00\" \/>\n<meta property=\"og:image\" content=\"https:\/\/macalloy.com\/wp-content\/uploads\/2021\/10\/louis-colbee-N_2OP0Ul7us-unsplash.jpg\" \/>\n\t<meta property=\"og:image:width\" content=\"1920\" \/>\n\t<meta property=\"og:image:height\" content=\"1280\" \/>\n\t<meta property=\"og:image:type\" content=\"image\/jpeg\" \/>\n<meta name=\"twitter:card\" content=\"summary_large_image\" \/>\n<meta name=\"twitter:label1\" content=\"Tiempo de lectura\" \/>\n\t<meta name=\"twitter:data1\" content=\"1 minuto\" \/>\n<script type=\"application\/ld+json\" class=\"yoast-schema-graph\">{\"@context\":\"https:\\\/\\\/schema.org\",\"@graph\":[{\"@type\":\"WebPage\",\"@id\":\"https:\\\/\\\/macalloy.com\\\/es\\\/project\\\/fondation-louis-vuitton-paris\\\/\",\"url\":\"https:\\\/\\\/macalloy.com\\\/es\\\/project\\\/fondation-louis-vuitton-paris\\\/\",\"name\":\"Fondation Louis Vuitton, Paris | barras tensoras de acero inoxidable\",\"isPartOf\":{\"@id\":\"https:\\\/\\\/macalloy.com\\\/es\\\/#website\"},\"primaryImageOfPage\":{\"@id\":\"https:\\\/\\\/macalloy.com\\\/es\\\/project\\\/fondation-louis-vuitton-paris\\\/#primaryimage\"},\"image\":{\"@id\":\"https:\\\/\\\/macalloy.com\\\/es\\\/project\\\/fondation-louis-vuitton-paris\\\/#primaryimage\"},\"thumbnailUrl\":\"https:\\\/\\\/macalloy.com\\\/wp-content\\\/uploads\\\/2021\\\/10\\\/louis-colbee-N_2OP0Ul7us-unsplash.jpg\",\"datePublished\":\"2023-12-13T11:18:35+00:00\",\"dateModified\":\"2024-07-31T12:39:53+00:00\",\"description\":\"El museo de arte de la Fondation Louis Vuitton se inaugur\u00f3 en 2014. Est\u00e1 situado en el Bois de Boulogne y cerca del Jardin d\u2019Acclimation en Par\u00eds.El dise\u00f1ador Frank Gehry se inspir\u00f3 en la arquitectura de cristal y jard\u00edn de finales del siglo XIX para crear un edificio \u00fanico y moderno formado por 12 velas, cada una de ellas \u00fanica en su especie.\",\"breadcrumb\":{\"@id\":\"https:\\\/\\\/macalloy.com\\\/es\\\/project\\\/fondation-louis-vuitton-paris\\\/#breadcrumb\"},\"inLanguage\":\"es\",\"potentialAction\":[{\"@type\":\"ReadAction\",\"target\":[\"https:\\\/\\\/macalloy.com\\\/es\\\/project\\\/fondation-louis-vuitton-paris\\\/\"]}]},{\"@type\":\"ImageObject\",\"inLanguage\":\"es\",\"@id\":\"https:\\\/\\\/macalloy.com\\\/es\\\/project\\\/fondation-louis-vuitton-paris\\\/#primaryimage\",\"url\":\"https:\\\/\\\/macalloy.com\\\/wp-content\\\/uploads\\\/2021\\\/10\\\/louis-colbee-N_2OP0Ul7us-unsplash.jpg\",\"contentUrl\":\"https:\\\/\\\/macalloy.com\\\/wp-content\\\/uploads\\\/2021\\\/10\\\/louis-colbee-N_2OP0Ul7us-unsplash.jpg\",\"width\":1920,\"height\":1280},{\"@type\":\"BreadcrumbList\",\"@id\":\"https:\\\/\\\/macalloy.com\\\/es\\\/project\\\/fondation-louis-vuitton-paris\\\/#breadcrumb\",\"itemListElement\":[{\"@type\":\"ListItem\",\"position\":1,\"name\":\"Home\",\"item\":\"https:\\\/\\\/macalloy.com\\\/es\\\/pagina-de-inicio\\\/\"},{\"@type\":\"ListItem\",\"position\":2,\"name\":\"Projects\",\"item\":\"https:\\\/\\\/macalloy.com\\\/es\\\/project\\\/\"},{\"@type\":\"ListItem\",\"position\":3,\"name\":\"Fondation Louis Vuitton, Paris\"}]},{\"@type\":\"WebSite\",\"@id\":\"https:\\\/\\\/macalloy.com\\\/es\\\/#website\",\"url\":\"https:\\\/\\\/macalloy.com\\\/es\\\/\",\"name\":\"Macalloy\",\"description\":\"Threaded Bar Systems Trusted Worldwide\",\"potentialAction\":[{\"@type\":\"SearchAction\",\"target\":{\"@type\":\"EntryPoint\",\"urlTemplate\":\"https:\\\/\\\/macalloy.com\\\/es\\\/?s={search_term_string}\"},\"query-input\":{\"@type\":\"PropertyValueSpecification\",\"valueRequired\":true,\"valueName\":\"search_term_string\"}}],\"inLanguage\":\"es\"}]}<\/script>\n<!-- \/ Yoast SEO plugin. -->","yoast_head_json":{"title":"Fondation Louis Vuitton, Paris | barras tensoras de acero inoxidable","description":"El museo de arte de la Fondation Louis Vuitton se inaugur\u00f3 en 2014. Est\u00e1 situado en el Bois de Boulogne y cerca del Jardin d\u2019Acclimation en Par\u00eds.El dise\u00f1ador Frank Gehry se inspir\u00f3 en la arquitectura de cristal y jard\u00edn de finales del siglo XIX para crear un edificio \u00fanico y moderno formado por 12 velas, cada una de ellas \u00fanica en su especie.","robots":{"index":"index","follow":"follow","max-snippet":"max-snippet:-1","max-image-preview":"max-image-preview:large","max-video-preview":"max-video-preview:-1"},"canonical":"https:\/\/macalloy.com\/es\/project\/fondation-louis-vuitton-paris\/","og_locale":"es_ES","og_type":"article","og_title":"Fondation Louis Vuitton, Paris | barras tensoras de acero inoxidable","og_description":"El museo de arte de la Fondation Louis Vuitton se inaugur\u00f3 en 2014. Est\u00e1 situado en el Bois de Boulogne y cerca del Jardin d\u2019Acclimation en Par\u00eds.El dise\u00f1ador Frank Gehry se inspir\u00f3 en la arquitectura de cristal y jard\u00edn de finales del siglo XIX para crear un edificio \u00fanico y moderno formado por 12 velas, cada una de ellas \u00fanica en su especie.","og_url":"https:\/\/macalloy.com\/es\/project\/fondation-louis-vuitton-paris\/","og_site_name":"Macalloy","article_modified_time":"2024-07-31T12:39:53+00:00","og_image":[{"width":1920,"height":1280,"url":"https:\/\/macalloy.com\/wp-content\/uploads\/2021\/10\/louis-colbee-N_2OP0Ul7us-unsplash.jpg","type":"image\/jpeg"}],"twitter_card":"summary_large_image","twitter_misc":{"Tiempo de lectura":"1 minuto"},"schema":{"@context":"https:\/\/schema.org","@graph":[{"@type":"WebPage","@id":"https:\/\/macalloy.com\/es\/project\/fondation-louis-vuitton-paris\/","url":"https:\/\/macalloy.com\/es\/project\/fondation-louis-vuitton-paris\/","name":"Fondation Louis Vuitton, Paris | barras tensoras de acero inoxidable","isPartOf":{"@id":"https:\/\/macalloy.com\/es\/#website"},"primaryImageOfPage":{"@id":"https:\/\/macalloy.com\/es\/project\/fondation-louis-vuitton-paris\/#primaryimage"},"image":{"@id":"https:\/\/macalloy.com\/es\/project\/fondation-louis-vuitton-paris\/#primaryimage"},"thumbnailUrl":"https:\/\/macalloy.com\/wp-content\/uploads\/2021\/10\/louis-colbee-N_2OP0Ul7us-unsplash.jpg","datePublished":"2023-12-13T11:18:35+00:00","dateModified":"2024-07-31T12:39:53+00:00","description":"El museo de arte de la Fondation Louis Vuitton se inaugur\u00f3 en 2014. Est\u00e1 situado en el Bois de Boulogne y cerca del Jardin d\u2019Acclimation en Par\u00eds.El dise\u00f1ador Frank Gehry se inspir\u00f3 en la arquitectura de cristal y jard\u00edn de finales del siglo XIX para crear un edificio \u00fanico y moderno formado por 12 velas, cada una de ellas \u00fanica en su especie.","breadcrumb":{"@id":"https:\/\/macalloy.com\/es\/project\/fondation-louis-vuitton-paris\/#breadcrumb"},"inLanguage":"es","potentialAction":[{"@type":"ReadAction","target":["https:\/\/macalloy.com\/es\/project\/fondation-louis-vuitton-paris\/"]}]},{"@type":"ImageObject","inLanguage":"es","@id":"https:\/\/macalloy.com\/es\/project\/fondation-louis-vuitton-paris\/#primaryimage","url":"https:\/\/macalloy.com\/wp-content\/uploads\/2021\/10\/louis-colbee-N_2OP0Ul7us-unsplash.jpg","contentUrl":"https:\/\/macalloy.com\/wp-content\/uploads\/2021\/10\/louis-colbee-N_2OP0Ul7us-unsplash.jpg","width":1920,"height":1280},{"@type":"BreadcrumbList","@id":"https:\/\/macalloy.com\/es\/project\/fondation-louis-vuitton-paris\/#breadcrumb","itemListElement":[{"@type":"ListItem","position":1,"name":"Home","item":"https:\/\/macalloy.com\/es\/pagina-de-inicio\/"},{"@type":"ListItem","position":2,"name":"Projects","item":"https:\/\/macalloy.com\/es\/project\/"},{"@type":"ListItem","position":3,"name":"Fondation Louis Vuitton, Paris"}]},{"@type":"WebSite","@id":"https:\/\/macalloy.com\/es\/#website","url":"https:\/\/macalloy.com\/es\/","name":"Macalloy","description":"Threaded Bar Systems Trusted Worldwide","potentialAction":[{"@type":"SearchAction","target":{"@type":"EntryPoint","urlTemplate":"https:\/\/macalloy.com\/es\/?s={search_term_string}"},"query-input":{"@type":"PropertyValueSpecification","valueRequired":true,"valueName":"search_term_string"}}],"inLanguage":"es"}]}},"_links":{"self":[{"href":"https:\/\/macalloy.com\/es\/wp-json\/wp\/v2\/projects\/29539","targetHints":{"allow":["GET"]}}],"collection":[{"href":"https:\/\/macalloy.com\/es\/wp-json\/wp\/v2\/projects"}],"about":[{"href":"https:\/\/macalloy.com\/es\/wp-json\/wp\/v2\/types\/project"}],"wp:featuredmedia":[{"embeddable":true,"href":"https:\/\/macalloy.com\/es\/wp-json\/wp\/v2\/media\/29540"}],"wp:attachment":[{"href":"https:\/\/macalloy.com\/es\/wp-json\/wp\/v2\/media?parent=29539"}],"wp:term":[{"taxonomy":"project-location","embeddable":true,"href":"https:\/\/macalloy.com\/es\/wp-json\/wp\/v2\/project-location?post=29539"},{"taxonomy":"project-service","embeddable":true,"href":"https:\/\/macalloy.com\/es\/wp-json\/wp\/v2\/project-service?post=29539"},{"taxonomy":"project-industry","embeddable":true,"href":"https:\/\/macalloy.com\/es\/wp-json\/wp\/v2\/project-industry?post=29539"}],"curies":[{"name":"wp","href":"https:\/\/api.w.org\/{rel}","templated":true}]}}