{"id":30992,"date":"2024-06-19T10:39:32","date_gmt":"2024-06-19T09:39:32","guid":{"rendered":"https:\/\/macalloy.com\/?post_type=project&#038;p=30992"},"modified":"2024-07-31T14:52:13","modified_gmt":"2024-07-31T13:52:13","slug":"aeroport-international-de-porto-portugal","status":"publish","type":"project","link":"https:\/\/macalloy.com\/fr\/project\/aeroport-international-de-porto-portugal\/","title":{"rendered":"A\u00e9roport international de Porto, Portugal"},"content":{"rendered":"\n<p><strong>Produits utilis\u00e9s : <\/strong>Tiges et barres d&#8217;accouplement en Macalloy<\/p>\n\n\n\n<p><strong>Contexte :<\/strong> La conception complexe mais cr\u00e9ative, par WS Atkins, des cinq lanterneaux centraux dans le toit du terminal principal a fourni une occasion parfaite pour ICQ de combiner ses solides connaissances en ing\u00e9nierie avec son \u0153il aiguis\u00e9 pour les solutions innovantes.<\/p>\n\n\n\n<p>L&#8217;a\u00e9roport de Porto comporte cinq lanterneaux vitr\u00e9s qui sont soutenus par une structure en acier incorporant des tirants en Macalloy peints. Chaque puits de lumi\u00e8re mesure 40 m\u00e8tres de long et 15 m\u00e8tres de large. L&#8217;utilisation de tirants Macalloy a permis de minimiser l&#8217;effet de la charpente m\u00e9tallique et d&#8217;am\u00e9liorer la finition architecturale.<\/p>\n\n\n\n<p><strong>L&#8217;implication de Macalloy :<\/strong> En outre, la structure du toit est une grande arche en acier qui est tendue \u00e0 l&#8217;aide de tirants Macalloy. Les tirants sont peints en blanc pour s&#8217;harmoniser avec ceux de la fa\u00e7ade en verre.<\/p>\n\n\n\n<p><\/p>\n\n\n\n<div class=\"wp-block-columns is-layout-flex wp-container-core-columns-is-layout-9d6595d7 wp-block-columns-is-layout-flex\">\n<div class=\"wp-block-column is-layout-flow wp-block-column-is-layout-flow\" style=\"flex-basis:100%\">\n<figure class=\"wp-block-image size-full\"><img fetchpriority=\"high\" decoding=\"async\" width=\"600\" height=\"391\" src=\"https:\/\/macalloy.com\/wp-content\/uploads\/2023\/04\/porto-airport-v1.webp\" alt=\"\" class=\"wp-image-27896\" srcset=\"https:\/\/macalloy.com\/wp-content\/uploads\/2023\/04\/porto-airport-v1.webp 600w, https:\/\/macalloy.com\/wp-content\/uploads\/2023\/04\/porto-airport-v1-300x196.webp 300w\" sizes=\"(max-width: 600px) 100vw, 600px\" \/><\/figure>\n<\/div>\n<\/div>\n\n\n\n<p><\/p>\n\n\n\n<div class=\"wp-block-columns is-layout-flex wp-container-core-columns-is-layout-9d6595d7 wp-block-columns-is-layout-flex\">\n<div class=\"wp-block-column is-vertically-aligned-top is-layout-flow wp-block-column-is-layout-flow\"><div class=\"post__sharing animate animate--up animate--delay-long\"><strong class=\"sharing__title\">Share<\/strong><ul class=\"sharing__list\"><li class=\"sharing__item\"><a class=\"sharing__link sharing__link--facebook js-share\" href=\"https:\/\/www.facebook.com\/sharer\/sharer.php?u=https%3A%2F%2Fmacalloy.com%2Ffr%2Fproject%2Faeroport-international-de-porto-portugal%2F\">Facebook <svg xmlns=\"http:\/\/www.w3.org\/2000\/svg\" xmlns:xlink=\"http:\/\/www.w3.org\/1999\/xlink\" width=\"100\" height=\"100\" viewBox=\"0 0 100 100\"><g transform=\"translate(51.909 -29.171) rotate(45)\"><path d=\"M78.4,33.1,78.959,0,45.815,1.351l.3,5.515H68.537L0,75.4l4.54,4.54L73.077,11.405V32.58Z\" transform=\"translate(-0.882 56.319) rotate(-45)\"\/><\/g><\/svg><\/a><\/li><li class=\"sharing__item\"><a class=\"sharing__link sharing__link--twitter js-share\" href=\"https:\/\/twitter.com\/intent\/tweet?url=https%3A%2F%2Fmacalloy.com%2Ffr%2Fproject%2Faeroport-international-de-porto-portugal%2F&text=Produits+utilis%C3%A9s+%3A+Tiges+et+barres+d%26%238217%3Baccouplement+en+Macalloy+Contexte+%3A+La+conception+complexe+mais+cr%C3%A9ative%2C+par+WS+Atkins%2C+des+cinq+lanterneaux+centraux+dans+le+toit+du+terminal+principal+a+fourni+une+occasion+parfaite+pour+ICQ+de+combiner+ses+solides+connaissances+en+ing%C3%A9nierie+avec+son+%C5%93il+aiguis%C3%A9+pour+les+solutions+innovantes.+L%26%238217%3Ba%C3%A9roport+de+Porto+comporte+%5B%26hellip%3B%5D\">Twitter <svg xmlns=\"http:\/\/www.w3.org\/2000\/svg\" xmlns:xlink=\"http:\/\/www.w3.org\/1999\/xlink\" width=\"100\" height=\"100\" viewBox=\"0 0 100 100\"><g transform=\"translate(51.909 -29.171) rotate(45)\"><path d=\"M78.4,33.1,78.959,0,45.815,1.351l.3,5.515H68.537L0,75.4l4.54,4.54L73.077,11.405V32.58Z\" transform=\"translate(-0.882 56.319) rotate(-45)\"\/><\/g><\/svg><\/a><\/li><li class=\"sharing__item\"><a class=\"sharing__link sharing__link--linkedin js-share\" href=\"https:\/\/www.linkedin.com\/shareArticle?mini=true&url=https%3A%2F%2Fmacalloy.com%2Ffr%2Fproject%2Faeroport-international-de-porto-portugal%2F&title=LinkedIn&summary=Produits+utilis%C3%A9s+%3A+Tiges+et+barres+d%26%238217%3Baccouplement+en+Macalloy+Contexte+%3A+La+conception+complexe+mais+cr%C3%A9ative%2C+par+WS+Atkins%2C+des+cinq+lanterneaux+centraux+dans+le+toit+du+terminal+principal+a+fourni+une+occasion+parfaite+pour+ICQ+de+combiner+ses+solides+connaissances+en+ing%C3%A9nierie+avec+son+%C5%93il+aiguis%C3%A9+pour+les+solutions+innovantes.+L%26%238217%3Ba%C3%A9roport+de+Porto+comporte+%5B%26hellip%3B%5D&source=LinkedIn\">LinkedIn <svg xmlns=\"http:\/\/www.w3.org\/2000\/svg\" xmlns:xlink=\"http:\/\/www.w3.org\/1999\/xlink\" width=\"100\" height=\"100\" viewBox=\"0 0 100 100\"><g transform=\"translate(51.909 -29.171) rotate(45)\"><path d=\"M78.4,33.1,78.959,0,45.815,1.351l.3,5.515H68.537L0,75.4l4.54,4.54L73.077,11.405V32.58Z\" transform=\"translate(-0.882 56.319) rotate(-45)\"\/><\/g><\/svg><\/a><\/li><\/ul><\/div>\n<\/div>\n<\/div>\n\n\n\n<div class=\"wp-block-cover alignfull mb-0\"><span aria-hidden=\"true\" class=\"wp-block-cover__background has-primary-900-background-color has-background-dim-100 has-background-dim\"><\/span><div class=\"wp-block-cover__inner-container is-layout-flow wp-block-cover-is-layout-flow\">\n<div style=\"height:86px\" aria-hidden=\"true\" class=\"wp-block-spacer\"><\/div>\n\n\n\n<div class=\"wp-block-columns are-vertically-aligned-center is-layout-flex wp-container-core-columns-is-layout-9d6595d7 wp-block-columns-is-layout-flex\">\n<div class=\"wp-block-column is-vertically-aligned-center animate is-layout-flow wp-block-column-is-layout-flow\" style=\"flex-basis:66.66%\">\n<figure class=\"wp-block-gallery has-nested-images columns-default is-cropped wp-block-gallery-1 is-layout-flex wp-block-gallery-is-layout-flex\">\n<figure class=\"wp-block-image size-large animate animate--up animate--delay-short\"><a href=\"https:\/\/macalloy.com\/products-services\/tension-bars\/\"><img decoding=\"async\" width=\"1024\" height=\"777\" data-id=\"3096\" src=\"https:\/\/macalloy.com\/wp-content\/uploads\/2021\/11\/Macalloy-Tension-Structures-1-1024x777.jpg\" alt=\"Macalloy tension bars\" class=\"wp-image-3096\" srcset=\"https:\/\/macalloy.com\/wp-content\/uploads\/2021\/11\/Macalloy-Tension-Structures-1-1024x777.jpg 1024w, https:\/\/macalloy.com\/wp-content\/uploads\/2021\/11\/Macalloy-Tension-Structures-1-600x455.jpg 600w, https:\/\/macalloy.com\/wp-content\/uploads\/2021\/11\/Macalloy-Tension-Structures-1-300x228.jpg 300w, https:\/\/macalloy.com\/wp-content\/uploads\/2021\/11\/Macalloy-Tension-Structures-1-768x583.jpg 768w, https:\/\/macalloy.com\/wp-content\/uploads\/2021\/11\/Macalloy-Tension-Structures-1.jpg 1350w\" sizes=\"(max-width: 1024px) 100vw, 1024px\" \/><\/a><\/figure>\n<\/figure>\n<\/div>\n\n\n\n<div class=\"wp-block-column is-vertically-aligned-center animate animate--delay-long is-layout-flow wp-block-column-is-layout-flow\" style=\"flex-basis:33.33%\">\n<p class=\"mb-0\">Ann\u00e9e<\/p>\n\n\n\n<h5 class=\"wp-block-heading mt-0\">2006<\/h5>\n\n\n\n<p class=\"mb-0\">Localisation<\/p>\n\n\n\n<h5 class=\"wp-block-heading mt-0\">Porto<\/h5>\n\n\n\n<p class=\"mb-0\">Pays<\/p>\n\n\n\n<h5 class=\"wp-block-heading mt-0\">Portugal<\/h5>\n\n\n\n<p class=\"mb-0\">Architectes et ing\u00e9nieurs<\/p>\n\n\n\n<h5 class=\"wp-block-heading mt-0\">ICQ<\/h5>\n<\/div>\n<\/div>\n<\/div><\/div>\n\n\n\n<div class=\"wp-block-cover alignfull is-light mt-0 mb-0\" style=\"min-height:600px;aspect-ratio:unset;\"><span aria-hidden=\"true\" class=\"wp-block-cover__background has-background-dim\"><\/span><img decoding=\"async\" width=\"2240\" height=\"1099\" class=\"wp-block-cover__image-background wp-image-1833\" alt=\"\" src=\"https:\/\/macalloystg.wpengine.com\/wp-content\/uploads\/2021\/08\/thomas-serer-r-xKieMqL34-unsplash.jpg\" data-object-fit=\"cover\" srcset=\"https:\/\/macalloy.com\/wp-content\/uploads\/2021\/08\/thomas-serer-r-xKieMqL34-unsplash.jpg 2240w, https:\/\/macalloy.com\/wp-content\/uploads\/2021\/08\/thomas-serer-r-xKieMqL34-unsplash-600x294.jpg 600w, https:\/\/macalloy.com\/wp-content\/uploads\/2021\/08\/thomas-serer-r-xKieMqL34-unsplash-300x147.jpg 300w, https:\/\/macalloy.com\/wp-content\/uploads\/2021\/08\/thomas-serer-r-xKieMqL34-unsplash-1024x502.jpg 1024w, https:\/\/macalloy.com\/wp-content\/uploads\/2021\/08\/thomas-serer-r-xKieMqL34-unsplash-768x377.jpg 768w, https:\/\/macalloy.com\/wp-content\/uploads\/2021\/08\/thomas-serer-r-xKieMqL34-unsplash-1536x754.jpg 1536w, https:\/\/macalloy.com\/wp-content\/uploads\/2021\/08\/thomas-serer-r-xKieMqL34-unsplash-2048x1005.jpg 2048w\" sizes=\"(max-width: 2240px) 100vw, 2240px\" \/><div class=\"wp-block-cover__inner-container is-layout-flow wp-block-cover-is-layout-flow\">\n<p class=\"has-text-align-center has-large-font-size\"><mark style=\"background-color:rgba(0, 0, 0, 0)\" class=\"has-inline-color has-neutral-0-color\">Vous recherchez un projet particulier ? Essayez notre site \u2026.<\/mark><\/p>\n\n\n\n<h2 class=\"wp-block-heading has-text-align-center\">Reference Hub<\/h2>\n\n\n\n<div class=\"wp-block-buttons is-horizontal is-content-justification-center is-layout-flex wp-container-core-buttons-is-layout-499968f5 wp-block-buttons-is-layout-flex\">\n<div class=\"wp-block-button is-style-underline\"><a class=\"wp-block-button__link has-neutral-0-color has-text-color wp-element-button\" href=\"\/projects\/reference-hub\/\">EXPLORE<\/a><\/div>\n<\/div>\n<\/div><\/div>\n","protected":false},"excerpt":{"rendered":"<p>Produits utilis\u00e9s : Tiges et barres d&#8217;accouplement en Macalloy Contexte : La conception complexe mais cr\u00e9ative, par WS Atkins, des cinq lanterneaux centraux dans le toit du terminal principal a fourni une occasion parfaite pour ICQ de combiner ses solides connaissances en ing\u00e9nierie avec son \u0153il aiguis\u00e9 pour les solutions innovantes. L&#8217;a\u00e9roport de Porto comporte [&hellip;]<\/p>\n","protected":false},"featured_media":27893,"menu_order":0,"template":"","meta":[],"project-location":[128],"project-service":[134],"project-industry":[139],"class_list":["has-featured-image","hentry","project"],"featured_image":{"1536x1536":"https:\/\/macalloy.com\/wp-content\/uploads\/2023\/04\/porto-header-image.webp","2048x2048":"https:\/\/macalloy.com\/wp-content\/uploads\/2023\/04\/porto-header-image.webp","wide":"https:\/\/macalloy.com\/wp-content\/uploads\/2023\/04\/porto-header-image.webp","square":"https:\/\/macalloy.com\/wp-content\/uploads\/2023\/04\/porto-header-image-600x537.webp","rectangle":"https:\/\/macalloy.com\/wp-content\/uploads\/2023\/04\/porto-header-image-1000x537.webp","post":"https:\/\/macalloy.com\/wp-content\/uploads\/2023\/04\/porto-header-image-1200x537.webp","portrait":"https:\/\/macalloy.com\/wp-content\/uploads\/2023\/04\/porto-header-image-600x537.webp","woocommerce_thumbnail":"https:\/\/macalloy.com\/wp-content\/uploads\/2023\/04\/porto-header-image-300x300.webp","woocommerce_single":"https:\/\/macalloy.com\/wp-content\/uploads\/2023\/04\/porto-header-image-600x248.webp","woocommerce_gallery_thumbnail":"https:\/\/macalloy.com\/wp-content\/uploads\/2023\/04\/porto-header-image-100x100.webp"},"locations":[{"ID":128,"name":"L'Europe"}],"industries":[{"ID":139,"name":"Aeroport"}],"services":[{"ID":134,"name":"Barres de tension"}],"yoast_head":"<!-- This site is optimized with the Yoast SEO plugin v27.4 - https:\/\/yoast.com\/product\/yoast-seo-wordpress\/ -->\n<title>A\u00e9roport international de Porto, Portugal | Tiges et barres d&#039;accouplement<\/title>\n<meta name=\"description\" content=\"La conception complexe mais cr\u00e9ative, par WS Atkins, des cinq lanterneaux centraux dans le toit du terminal principal a fourni une occasion parfaite pour ICQ de combiner ses solides connaissances en ing\u00e9nierie avec son \u0153il aiguis\u00e9 pour les solutions innovantes.\" \/>\n<meta name=\"robots\" content=\"index, follow, max-snippet:-1, max-image-preview:large, max-video-preview:-1\" \/>\n<link rel=\"canonical\" href=\"https:\/\/macalloy.com\/fr\/project\/aeroport-international-de-porto-portugal\/\" \/>\n<meta property=\"og:locale\" content=\"fr_FR\" \/>\n<meta property=\"og:type\" content=\"article\" \/>\n<meta property=\"og:title\" content=\"A\u00e9roport international de Porto, Portugal | Tiges et barres d&#039;accouplement\" \/>\n<meta property=\"og:description\" content=\"La conception complexe mais cr\u00e9ative, par WS Atkins, des cinq lanterneaux centraux dans le toit du terminal principal a fourni une occasion parfaite pour ICQ de combiner ses solides connaissances en ing\u00e9nierie avec son \u0153il aiguis\u00e9 pour les solutions innovantes.\" \/>\n<meta property=\"og:url\" content=\"https:\/\/macalloy.com\/fr\/project\/aeroport-international-de-porto-portugal\/\" \/>\n<meta property=\"og:site_name\" content=\"Macalloy\" \/>\n<meta property=\"article:modified_time\" content=\"2024-07-31T13:52:13+00:00\" \/>\n<meta property=\"og:image\" content=\"https:\/\/macalloy.com\/wp-content\/uploads\/2023\/04\/porto-header-image.webp\" \/>\n\t<meta property=\"og:image:width\" content=\"1300\" \/>\n\t<meta property=\"og:image:height\" content=\"537\" \/>\n\t<meta property=\"og:image:type\" content=\"image\/webp\" \/>\n<meta name=\"twitter:card\" content=\"summary_large_image\" \/>\n<meta name=\"twitter:label1\" content=\"Dur\u00e9e de lecture estim\u00e9e\" \/>\n\t<meta name=\"twitter:data1\" content=\"1 minute\" \/>\n<script type=\"application\/ld+json\" class=\"yoast-schema-graph\">{\"@context\":\"https:\\\/\\\/schema.org\",\"@graph\":[{\"@type\":\"WebPage\",\"@id\":\"https:\\\/\\\/macalloy.com\\\/fr\\\/project\\\/aeroport-international-de-porto-portugal\\\/\",\"url\":\"https:\\\/\\\/macalloy.com\\\/fr\\\/project\\\/aeroport-international-de-porto-portugal\\\/\",\"name\":\"A\u00e9roport international de Porto, Portugal | Tiges et barres d'accouplement\",\"isPartOf\":{\"@id\":\"https:\\\/\\\/macalloy.com\\\/fr\\\/#website\"},\"primaryImageOfPage\":{\"@id\":\"https:\\\/\\\/macalloy.com\\\/fr\\\/project\\\/aeroport-international-de-porto-portugal\\\/#primaryimage\"},\"image\":{\"@id\":\"https:\\\/\\\/macalloy.com\\\/fr\\\/project\\\/aeroport-international-de-porto-portugal\\\/#primaryimage\"},\"thumbnailUrl\":\"https:\\\/\\\/macalloy.com\\\/wp-content\\\/uploads\\\/2023\\\/04\\\/porto-header-image.webp\",\"datePublished\":\"2024-06-19T09:39:32+00:00\",\"dateModified\":\"2024-07-31T13:52:13+00:00\",\"description\":\"La conception complexe mais cr\u00e9ative, par WS Atkins, des cinq lanterneaux centraux dans le toit du terminal principal a fourni une occasion parfaite pour ICQ de combiner ses solides connaissances en ing\u00e9nierie avec son \u0153il aiguis\u00e9 pour les solutions innovantes.\",\"breadcrumb\":{\"@id\":\"https:\\\/\\\/macalloy.com\\\/fr\\\/project\\\/aeroport-international-de-porto-portugal\\\/#breadcrumb\"},\"inLanguage\":\"fr-FR\",\"potentialAction\":[{\"@type\":\"ReadAction\",\"target\":[\"https:\\\/\\\/macalloy.com\\\/fr\\\/project\\\/aeroport-international-de-porto-portugal\\\/\"]}]},{\"@type\":\"ImageObject\",\"inLanguage\":\"fr-FR\",\"@id\":\"https:\\\/\\\/macalloy.com\\\/fr\\\/project\\\/aeroport-international-de-porto-portugal\\\/#primaryimage\",\"url\":\"https:\\\/\\\/macalloy.com\\\/wp-content\\\/uploads\\\/2023\\\/04\\\/porto-header-image.webp\",\"contentUrl\":\"https:\\\/\\\/macalloy.com\\\/wp-content\\\/uploads\\\/2023\\\/04\\\/porto-header-image.webp\",\"width\":1300,\"height\":537,\"caption\":\"Porto International Airport Portugal Macalloy Tie Rods and Tie Bars WS Atkins\"},{\"@type\":\"BreadcrumbList\",\"@id\":\"https:\\\/\\\/macalloy.com\\\/fr\\\/project\\\/aeroport-international-de-porto-portugal\\\/#breadcrumb\",\"itemListElement\":[{\"@type\":\"ListItem\",\"position\":1,\"name\":\"Home\",\"item\":\"https:\\\/\\\/macalloy.com\\\/fr\\\/\"},{\"@type\":\"ListItem\",\"position\":2,\"name\":\"Projects\",\"item\":\"https:\\\/\\\/macalloy.com\\\/fr\\\/project\\\/\"},{\"@type\":\"ListItem\",\"position\":3,\"name\":\"A\u00e9roport international de Porto, Portugal\"}]},{\"@type\":\"WebSite\",\"@id\":\"https:\\\/\\\/macalloy.com\\\/fr\\\/#website\",\"url\":\"https:\\\/\\\/macalloy.com\\\/fr\\\/\",\"name\":\"Macalloy\",\"description\":\"Threaded Bar Systems Trusted Worldwide\",\"potentialAction\":[{\"@type\":\"SearchAction\",\"target\":{\"@type\":\"EntryPoint\",\"urlTemplate\":\"https:\\\/\\\/macalloy.com\\\/fr\\\/?s={search_term_string}\"},\"query-input\":{\"@type\":\"PropertyValueSpecification\",\"valueRequired\":true,\"valueName\":\"search_term_string\"}}],\"inLanguage\":\"fr-FR\"}]}<\/script>\n<!-- \/ Yoast SEO plugin. -->","yoast_head_json":{"title":"A\u00e9roport international de Porto, Portugal | Tiges et barres d'accouplement","description":"La conception complexe mais cr\u00e9ative, par WS Atkins, des cinq lanterneaux centraux dans le toit du terminal principal a fourni une occasion parfaite pour ICQ de combiner ses solides connaissances en ing\u00e9nierie avec son \u0153il aiguis\u00e9 pour les solutions innovantes.","robots":{"index":"index","follow":"follow","max-snippet":"max-snippet:-1","max-image-preview":"max-image-preview:large","max-video-preview":"max-video-preview:-1"},"canonical":"https:\/\/macalloy.com\/fr\/project\/aeroport-international-de-porto-portugal\/","og_locale":"fr_FR","og_type":"article","og_title":"A\u00e9roport international de Porto, Portugal | Tiges et barres d'accouplement","og_description":"La conception complexe mais cr\u00e9ative, par WS Atkins, des cinq lanterneaux centraux dans le toit du terminal principal a fourni une occasion parfaite pour ICQ de combiner ses solides connaissances en ing\u00e9nierie avec son \u0153il aiguis\u00e9 pour les solutions innovantes.","og_url":"https:\/\/macalloy.com\/fr\/project\/aeroport-international-de-porto-portugal\/","og_site_name":"Macalloy","article_modified_time":"2024-07-31T13:52:13+00:00","og_image":[{"width":1300,"height":537,"url":"https:\/\/macalloy.com\/wp-content\/uploads\/2023\/04\/porto-header-image.webp","type":"image\/webp"}],"twitter_card":"summary_large_image","twitter_misc":{"Dur\u00e9e de lecture estim\u00e9e":"1 minute"},"schema":{"@context":"https:\/\/schema.org","@graph":[{"@type":"WebPage","@id":"https:\/\/macalloy.com\/fr\/project\/aeroport-international-de-porto-portugal\/","url":"https:\/\/macalloy.com\/fr\/project\/aeroport-international-de-porto-portugal\/","name":"A\u00e9roport international de Porto, Portugal | Tiges et barres d'accouplement","isPartOf":{"@id":"https:\/\/macalloy.com\/fr\/#website"},"primaryImageOfPage":{"@id":"https:\/\/macalloy.com\/fr\/project\/aeroport-international-de-porto-portugal\/#primaryimage"},"image":{"@id":"https:\/\/macalloy.com\/fr\/project\/aeroport-international-de-porto-portugal\/#primaryimage"},"thumbnailUrl":"https:\/\/macalloy.com\/wp-content\/uploads\/2023\/04\/porto-header-image.webp","datePublished":"2024-06-19T09:39:32+00:00","dateModified":"2024-07-31T13:52:13+00:00","description":"La conception complexe mais cr\u00e9ative, par WS Atkins, des cinq lanterneaux centraux dans le toit du terminal principal a fourni une occasion parfaite pour ICQ de combiner ses solides connaissances en ing\u00e9nierie avec son \u0153il aiguis\u00e9 pour les solutions innovantes.","breadcrumb":{"@id":"https:\/\/macalloy.com\/fr\/project\/aeroport-international-de-porto-portugal\/#breadcrumb"},"inLanguage":"fr-FR","potentialAction":[{"@type":"ReadAction","target":["https:\/\/macalloy.com\/fr\/project\/aeroport-international-de-porto-portugal\/"]}]},{"@type":"ImageObject","inLanguage":"fr-FR","@id":"https:\/\/macalloy.com\/fr\/project\/aeroport-international-de-porto-portugal\/#primaryimage","url":"https:\/\/macalloy.com\/wp-content\/uploads\/2023\/04\/porto-header-image.webp","contentUrl":"https:\/\/macalloy.com\/wp-content\/uploads\/2023\/04\/porto-header-image.webp","width":1300,"height":537,"caption":"Porto International Airport Portugal Macalloy Tie Rods and Tie Bars WS Atkins"},{"@type":"BreadcrumbList","@id":"https:\/\/macalloy.com\/fr\/project\/aeroport-international-de-porto-portugal\/#breadcrumb","itemListElement":[{"@type":"ListItem","position":1,"name":"Home","item":"https:\/\/macalloy.com\/fr\/"},{"@type":"ListItem","position":2,"name":"Projects","item":"https:\/\/macalloy.com\/fr\/project\/"},{"@type":"ListItem","position":3,"name":"A\u00e9roport international de Porto, Portugal"}]},{"@type":"WebSite","@id":"https:\/\/macalloy.com\/fr\/#website","url":"https:\/\/macalloy.com\/fr\/","name":"Macalloy","description":"Threaded Bar Systems Trusted Worldwide","potentialAction":[{"@type":"SearchAction","target":{"@type":"EntryPoint","urlTemplate":"https:\/\/macalloy.com\/fr\/?s={search_term_string}"},"query-input":{"@type":"PropertyValueSpecification","valueRequired":true,"valueName":"search_term_string"}}],"inLanguage":"fr-FR"}]}},"_links":{"self":[{"href":"https:\/\/macalloy.com\/fr\/wp-json\/wp\/v2\/projects\/30992","targetHints":{"allow":["GET"]}}],"collection":[{"href":"https:\/\/macalloy.com\/fr\/wp-json\/wp\/v2\/projects"}],"about":[{"href":"https:\/\/macalloy.com\/fr\/wp-json\/wp\/v2\/types\/project"}],"wp:featuredmedia":[{"embeddable":true,"href":"https:\/\/macalloy.com\/fr\/wp-json\/wp\/v2\/media\/27893"}],"wp:attachment":[{"href":"https:\/\/macalloy.com\/fr\/wp-json\/wp\/v2\/media?parent=30992"}],"wp:term":[{"taxonomy":"project-location","embeddable":true,"href":"https:\/\/macalloy.com\/fr\/wp-json\/wp\/v2\/project-location?post=30992"},{"taxonomy":"project-service","embeddable":true,"href":"https:\/\/macalloy.com\/fr\/wp-json\/wp\/v2\/project-service?post=30992"},{"taxonomy":"project-industry","embeddable":true,"href":"https:\/\/macalloy.com\/fr\/wp-json\/wp\/v2\/project-industry?post=30992"}],"curies":[{"name":"wp","href":"https:\/\/api.w.org\/{rel}","templated":true}]}}